{"id":3958,"date":"2021-11-25T18:41:09","date_gmt":"2021-11-25T18:41:09","guid":{"rendered":"https:\/\/www.ibizavipbus.com\/?page_id=3958"},"modified":"2025-02-13T18:32:17","modified_gmt":"2025-02-13T18:32:17","slug":"eventos-de-empresa-y-privados","status":"publish","type":"page","link":"https:\/\/www.ibizavipbus.com\/es\/eventos-de-empresa-y-privados\/","title":{"rendered":"Eventos Corporativos y Privados"},"content":{"rendered":"<p><div class=\"fusion-fullwidth fullwidth-box fusion-builder-row-1 fusion-flex-container nonhundred-percent-fullwidth non-hundred-percent-height-scrolling fusion-custom-z-index\" style=\"background-color: rgba(255,255,255,0);background-position: center center;background-repeat: no-repeat;border-width: 0px 0px 0px 0px;border-color:#e2e2e2;border-style:solid;\" ><div class=\"fusion-builder-row fusion-row fusion-flex-align-items-flex-start\" style=\"max-width:1248px;margin-left: calc(-4% \/ 2 );margin-right: calc(-4% \/ 2 );\"><div class=\"fusion-layout-column fusion_builder_column fusion-builder-column-0 fusion_builder_column_1_1 1_1 fusion-flex-column\"><div class=\"fusion-column-wrapper fusion-flex-justify-content-flex-start fusion-content-layout-column\" style=\"background-position:left top;background-repeat:no-repeat;-webkit-background-size:cover;-moz-background-size:cover;-o-background-size:cover;background-size:cover;padding: 0px 0px 0px 0px;\">\n<div class=\"fusion-slider-revolution rev_slider_wrapper\">\t\t\t<!-- START Corporate_Es REVOLUTION SLIDER 6.5.7 --><p class=\"rs-p-wp-fix\"><\/p>\n\t\t\t<rs-module-wrap id=\"rev_slider_10_1_wrapper\" data-source=\"gallery\" style=\"visibility:hidden;background:transparent;padding:0;margin:0px auto;margin-top:0;margin-bottom:0;\">\n\t\t\t\t<rs-module id=\"rev_slider_10_1\" style=\"\" data-version=\"6.5.7\">\n\t\t\t\t\t<rs-slides>\n\t\t\t\t\t\t<rs-slide style=\"position: absolute;\" data-key=\"rs-45\" data-title=\"Slide\" data-in=\"o:0;\" data-out=\"a:false;\">\n\t\t\t\t\t\t\t<img decoding=\"async\" src=\"\/\/www.ibizavipbus.com\/wp-content\/plugins\/revslider\/public\/assets\/assets\/dummy.png\" alt=\"Luxury vehicles parked outside a balcony on the 7Pines Resort.\" title=\"Transfers\" width=\"1024\" height=\"768\" class=\"rev-slidebg tp-rs-img rs-lazyload\" data-lazyload=\"\/\/www.ibizavipbus.com\/wp-content\/uploads\/2022\/05\/Transfers.jpeg\" data-bg=\"p:left bottom;\" data-panzoom=\"d:10000;ss:115%;se:100;\" data-no-retina>\n<!---->\t\t\t\t\t\t<\/rs-slide>\n\t\t\t\t\t\t<rs-slide style=\"position: absolute;\" data-key=\"rs-44\" data-title=\"Slide\" data-anim=\"ms:980ms;f:slidebased;\" data-in=\"o:0;\">\n\t\t\t\t\t\t\t<img decoding=\"async\" src=\"\/\/www.ibizavipbus.com\/wp-content\/plugins\/revslider\/public\/assets\/assets\/dummy.png\" title=\"eventosibiza1\" width=\"1635\" height=\"836\" class=\"rev-slidebg tp-rs-img rs-lazyload\" data-lazyload=\"\/\/ibizavipbus.com\/wp-content\/uploads\/2022\/02\/eventosibiza1.jpg\" data-panzoom=\"d:10000;ss:110%;se:100%;oe:0px\/0px;\" data-no-retina>\n<!---->\t\t\t\t\t\t<\/rs-slide>\n\t\t\t\t\t\t<rs-slide style=\"position: absolute;\" data-key=\"rs-46\" data-title=\"Slide\" data-in=\"o:0;\" data-out=\"a:false;\">\n\t\t\t\t\t\t\t<img decoding=\"async\" src=\"\/\/www.ibizavipbus.com\/wp-content\/plugins\/revslider\/public\/assets\/assets\/dummy.png\" alt=\"People leaving a white bus in a wooded area of Ibiza.\" title=\"DSC_0080\" width=\"2560\" height=\"1707\" class=\"rev-slidebg tp-rs-img rs-lazyload\" data-lazyload=\"\/\/www.ibizavipbus.com\/wp-content\/uploads\/2022\/05\/DSC_0080-scaled.jpg\" data-panzoom=\"d:10000;ss:110%;se:100%;\" data-no-retina>\n<!---->\t\t\t\t\t\t<\/rs-slide>\n\t\t\t\t\t\t<rs-slide style=\"position: absolute;\" data-key=\"rs-47\" data-title=\"Slide\" data-in=\"o:0;\" data-out=\"a:false;\">\n\t\t\t\t\t\t\t<img decoding=\"async\" src=\"\/\/www.ibizavipbus.com\/wp-content\/plugins\/revslider\/public\/assets\/assets\/dummy.png\" title=\"eventosibiza4\" width=\"1635\" height=\"836\" class=\"rev-slidebg tp-rs-img rs-lazyload\" data-lazyload=\"\/\/ibizavipbus.com\/wp-content\/uploads\/2022\/02\/eventosibiza4.jpg\" data-panzoom=\"d:10000;ss:110%;se:100%;\" data-no-retina>\n<!---->\t\t\t\t\t\t<\/rs-slide>\n\t\t\t\t\t\t<rs-slide style=\"position: absolute;\" data-key=\"rs-48\" data-title=\"Slide\" data-in=\"o:0;\" data-out=\"a:false;\">\n\t\t\t\t\t\t\t<img decoding=\"async\" src=\"\/\/www.ibizavipbus.com\/wp-content\/plugins\/revslider\/public\/assets\/assets\/dummy.png\" alt=\"Woman holding a baby getting off a black minibus.\" title=\"wedding14\" width=\"1180\" height=\"497\" class=\"rev-slidebg tp-rs-img rs-lazyload\" data-lazyload=\"\/\/www.ibizavipbus.com\/wp-content\/uploads\/2022\/05\/wedding14.jpg\" data-panzoom=\"d:10000;ss:110%;se:100%;\" data-no-retina>\n<!---->\t\t\t\t\t\t<\/rs-slide>\n\t\t\t\t\t<\/rs-slides>\n\t\t\t\t\t<rs-static-layers><!--\n\n\t\t\t\t\t\t\t--><rs-layer\n\t\t\t\t\t\t\t\tid=\"slider-10-slide-10-layer-5\" \n\t\t\t\t\t\t\t\tclass=\"rs-layer-static\"\n\t\t\t\t\t\t\t\tdata-type=\"text\"\n\t\t\t\t\t\t\t\tdata-color=\"#fff\"\n\t\t\t\t\t\t\t\tdata-rsp_ch=\"on\"\n\t\t\t\t\t\t\t\tdata-xy=\"x:c;\"\n\t\t\t\t\t\t\t\tdata-text=\"w:normal;s:60;l:100;ls:2px;fw:700;a:center;\"\n\t\t\t\t\t\t\t\tdata-dim=\"w:100%;\"\n\t\t\t\t\t\t\t\tdata-basealign=\"slide\"\n\t\t\t\t\t\t\t\tdata-onslides=\"s:1;\"\n\t\t\t\t\t\t\t\tdata-frame_999=\"o:0;st:w;\"\n\t\t\t\t\t\t\t\tstyle=\"z-index:5;background-color:rgba(12,12,12,0.46);font-family:'Montserrat';\"\n\t\t\t\t\t\t\t>EVENTOS DE EMPRESA Y PRIVADOS \n\t\t\t\t\t\t\t<\/rs-layer><!--\n\t\t\t\t\t--><\/rs-static-layers>\n\t\t\t\t<\/rs-module>\n\t\t\t\t<script type=\"text\/javascript\">\n\t\t\t\t\tsetREVStartSize({c: 'rev_slider_10_1',rl:[1240,1024,778,480],el:[900],gw:[1240],gh:[900],type:'standard',justify:'',layout:'fullwidth',mh:\"0\"});if (window.RS_MODULES!==undefined && window.RS_MODULES.modules!==undefined && window.RS_MODULES.modules[\"revslider101\"]!==undefined) {window.RS_MODULES.modules[\"revslider101\"].once = false;window.revapi10 = undefined;if (window.RS_MODULES.checkMinimal!==undefined) window.RS_MODULES.checkMinimal()}\n\t\t\t\t<\/script>\n\t\t\t<\/rs-module-wrap>\n\t\t\t<!-- END REVOLUTION SLIDER -->\n<\/div><\/div><style type=\"text\/css\">.fusion-body .fusion-builder-column-0{width:100% !important;margin-top : 0px;margin-bottom : 0px;}.fusion-builder-column-0 > .fusion-column-wrapper {padding-top : 0px !important;padding-right : 0px !important;margin-right : 0;padding-bottom : 0px !important;padding-left : 0px !important;margin-left : 0;}@media only screen and (max-width:1024px) {.fusion-body .fusion-builder-column-0{width:100% !important;order : 0;}.fusion-builder-column-0 > .fusion-column-wrapper {margin-right : 0;margin-left : 0;}}@media only screen and (max-width:640px) {.fusion-body .fusion-builder-column-0{width:100% !important;order : 0;}.fusion-builder-column-0 > .fusion-column-wrapper {margin-right : 1.92%;margin-left : 1.92%;}}<\/style><\/div><\/div><style type=\"text\/css\">.fusion-fullwidth.fusion-builder-row-1 { z-index:0 !important; }.fusion-body .fusion-flex-container.fusion-builder-row-1{ padding-top : 0px;margin-top : 0;padding-right : 0px;padding-bottom : 0px;margin-bottom : 0;padding-left : 0px;}<\/style><\/div><div class=\"fusion-fullwidth fullwidth-box fusion-builder-row-2 fusion-flex-container nonhundred-percent-fullwidth non-hundred-percent-height-scrolling\" style=\"background-color: rgba(255,255,255,0);background-position: center center;background-repeat: no-repeat;border-width: 0px 0px 0px 0px;border-color:#e2e2e2;border-style:solid;\" ><div class=\"fusion-builder-row fusion-row fusion-flex-align-items-flex-start\" style=\"max-width:1248px;margin-left: calc(-4% \/ 2 );margin-right: calc(-4% \/ 2 );\"><div class=\"fusion-layout-column fusion_builder_column fusion-builder-column-1 fusion_builder_column_1_1 1_1 fusion-flex-column\"><div class=\"fusion-column-wrapper fusion-flex-justify-content-flex-start fusion-content-layout-column\" style=\"background-position:left top;background-repeat:no-repeat;-webkit-background-size:cover;-moz-background-size:cover;-o-background-size:cover;background-size:cover;padding: 0px 0px 0px 0px;\"><style type=\"text\/css\">@media only screen and (max-width:1024px) {.fusion-title.fusion-title-1{margin-top:10px!important; margin-right:0px!important;margin-bottom:15px!important;margin-left:0px!important;}}@media only screen and (max-width:640px) {.fusion-title.fusion-title-1{margin-top:10px!important; margin-right:0px!important;margin-bottom:10px!important; margin-left:0px!important;}}<\/style><div class=\"fusion-title title fusion-title-1 fusion-sep-none fusion-title-text fusion-title-size-one\" style=\"margin-top:10px;margin-right:0px;margin-bottom:15px;margin-left:0px;\"><h1 class=\"title-heading-left\" style=\"margin:0;\"><h2><\/h2>\n<h2>Eventos\u00a0 MICE<\/h2><\/h1><\/div><div class=\"fusion-text fusion-text-1\"><p>El turismo MICE es un mundo en s\u00ed mismo, y la log\u00edstica es uno de los aspectos m\u00e1s dif\u00edciles de gestionar cuando se organizan eventos de tan alto nivel y envergadura. Sin tiempo que perder y con clientes de gustos exigentes, los coordinadores y gestores de todo el mundo se esfuerzan al m\u00e1ximo para superar las expectativas y ofrecer una experiencia inolvidable de principio a fin.<\/p>\n<p>Y cuando se trata de una log\u00edstica excelente y eficiente, ah\u00ed es donde entramos nosotros. En IbizaVipBus coordinamos traslados desde y hacia cualquier punto de la isla, garantizando seguridad, privacidad y comodidad a nuestros clientes.<\/p>\n<p>Ya sean cenas de despedida, incentivos corporativos, exposiciones de productos o seminarios, proporcionamos las soluciones de transporte que necesita.<\/p>\n<p>Con una flota de veh\u00edculos de \u00faltima generaci\u00f3n, nuestros autobuses de lujo, minibuses y furgonetas pueden acomodar a una gran variedad de n\u00fameros de pasajeros. Desde un minib\u00fas Mercedes Benz de 8 plazas hasta un autocar Iveco de 85 plazas, podemos satisfacer las necesidades incluso de los mayores eventos corporativos.<\/p>\n<\/div><\/div><style type=\"text\/css\">.fusion-body .fusion-builder-column-1{width:100% !important;margin-top : 0px;margin-bottom : 20px;}.fusion-builder-column-1 > .fusion-column-wrapper {padding-top : 0px !important;padding-right : 0px !important;margin-right : 1.92%;padding-bottom : 0px !important;padding-left : 0px !important;margin-left : 1.92%;}@media only screen and (max-width:1024px) {.fusion-body .fusion-builder-column-1{width:100% !important;order : 0;}.fusion-builder-column-1 > .fusion-column-wrapper {margin-right : 1.92%;margin-left : 1.92%;}}@media only screen and (max-width:640px) {.fusion-body .fusion-builder-column-1{width:100% !important;order : 0;}.fusion-builder-column-1 > .fusion-column-wrapper {margin-right : 1.92%;margin-left : 1.92%;}}<\/style><\/div><\/div><style type=\"text\/css\">.fusion-body .fusion-flex-container.fusion-builder-row-2{ padding-top : 0px;margin-top : 0px;padding-right : 0px;padding-bottom : 0px;margin-bottom : 0px;padding-left : 0px;}<\/style><\/div><div class=\"fusion-fullwidth fullwidth-box fusion-builder-row-3 fusion-flex-container nonhundred-percent-fullwidth non-hundred-percent-height-scrolling\" style=\"background-color: rgba(255,255,255,0);background-position: center center;background-repeat: no-repeat;border-width: 0px 0px 0px 0px;border-color:#e2e2e2;border-style:solid;\" ><div class=\"fusion-builder-row fusion-row fusion-flex-align-items-flex-start\" style=\"max-width:1248px;margin-left: calc(-4% \/ 2 );margin-right: calc(-4% \/ 2 );\"><div class=\"fusion-layout-column fusion_builder_column fusion-builder-column-2 fusion_builder_column_1_1 1_1 fusion-flex-column\"><div class=\"fusion-column-wrapper fusion-flex-justify-content-flex-start fusion-content-layout-column\" style=\"background-position:left top;background-repeat:no-repeat;-webkit-background-size:cover;-moz-background-size:cover;-o-background-size:cover;background-size:cover;padding: 0px 0px 0px 0px;\"><div class=\"fusion-separator fusion-no-medium-visibility fusion-full-width-sep\" style=\"align-self: center;margin-left: auto;margin-right: auto;width:100%;\"><\/div><\/div><style type=\"text\/css\">.fusion-body .fusion-builder-column-2{width:100% !important;margin-top : 0px;margin-bottom : 20px;}.fusion-builder-column-2 > .fusion-column-wrapper {padding-top : 0px !important;padding-right : 0px !important;margin-right : 1.92%;padding-bottom : 0px !important;padding-left : 0px !important;margin-left : 1.92%;}@media only screen and (max-width:1024px) {.fusion-body .fusion-builder-column-2{width:100% !important;order : 0;}.fusion-builder-column-2 > .fusion-column-wrapper {margin-right : 1.92%;margin-left : 1.92%;}}@media only screen and (max-width:640px) {.fusion-body .fusion-builder-column-2{width:100% !important;order : 0;}.fusion-builder-column-2 > .fusion-column-wrapper {margin-right : 1.92%;margin-left : 1.92%;}}<\/style><\/div><\/div><style type=\"text\/css\">.fusion-body .fusion-flex-container.fusion-builder-row-3{ padding-top : 0px;margin-top : 0px;padding-right : 0px;padding-bottom : 0px;margin-bottom : 0px;padding-left : 0px;}<\/style><\/div><div class=\"fusion-fullwidth fullwidth-box fusion-builder-row-4 fusion-flex-container nonhundred-percent-fullwidth non-hundred-percent-height-scrolling\" style=\"background-color: #000000;background-position: center center;background-repeat: no-repeat;border-width: 0px 0px 0px 0px;border-color:#e2e2e2;border-style:solid;\" ><div class=\"fusion-builder-row fusion-row fusion-flex-align-items-center\" style=\"max-width:1248px;margin-left: calc(-4% \/ 2 );margin-right: calc(-4% \/ 2 );\"><div class=\"fusion-layout-column fusion_builder_column fusion-builder-column-3 fusion_builder_column_1_2 1_2 fusion-flex-column fusion-flex-align-self-flex-start\"><div class=\"fusion-column-wrapper fusion-flex-justify-content-flex-start fusion-content-layout-column\" style=\"background-position:left top;background-repeat:no-repeat;-webkit-background-size:cover;-moz-background-size:cover;-o-background-size:cover;background-size:cover;padding: 0px 0px 0px 0px;\"><div class=\"fusion-text fusion-text-2\" style=\"text-align:left;font-size:22px;line-height:1.48em;letter-spacing:-0.01em;color:#ffffff;\"><h4><span style=\"color: #ffffff;\"><em>Como profesionales en lo que hacemos, conocemos todas las localidades de Ibiza, lo que asegura tu llegada a tu destino sin inconvenientes.<\/em><\/span><\/h4>\n<\/div><div style=\"text-align:center;\"><style>.fusion-imageframe.imageframe-1{ margin-top : -50px;margin-bottom : -30px;}<\/style><span class=\" fusion-imageframe imageframe-none imageframe-1 hover-type-none\"><img decoding=\"async\" width=\"300\" height=\"192\" title=\"rodrigo-firma-chauffeur-ibiza-w\" src=\"https:\/\/www.ibizavipbus.com\/wp-content\/uploads\/2021\/11\/rodrigo-firma-chauffeur-ibiza-w.png\" alt class=\"img-responsive wp-image-3817\" srcset=\"https:\/\/www.ibizavipbus.com\/wp-content\/uploads\/2021\/11\/rodrigo-firma-chauffeur-ibiza-w-200x128.png 200w, https:\/\/www.ibizavipbus.com\/wp-content\/uploads\/2021\/11\/rodrigo-firma-chauffeur-ibiza-w.png 300w\" sizes=\"(max-width: 640px) 100vw, 300px\" \/><\/span><style type=\"text\/css\">.imageframe-1{filter: hue-rotate(359deg) saturate(200%) brightness(200%) contrast(200%) invert(100%) sepia(84%);transition: filter 0.3s ease;}.imageframe-1:hover{filter: hue-rotate(359deg) saturate(200%) brightness(200%) contrast(200%) invert(100%) sepia(84%);}<\/style><\/div><style type=\"text\/css\">@media only screen and (max-width:1024px) {.fusion-title.fusion-title-2{margin-top:4px!important;margin-right:!important;margin-bottom:4px!important; margin-left:!important;}}@media only screen and (max-width:640px) {.fusion-title.fusion-title-2{margin-top:4px!important; margin-right:0px!important;margin-bottom:4px!important; margin-left:0px!important;}}<\/style><div class=\"fusion-title title fusion-title-2 fusion-sep-none fusion-title-text fusion-title-size-two\" style=\"margin-top:6px;margin-right:0px;margin-bottom:4px;margin-left:0px;\"><div class=\"title-heading-left title-heading-tag\" style=\"margin:0;color:#ffffff;\"><div style=\"text-align: center;\"><span style=\"text-transform: var(--title_text_transform); font-family: var(--body_typography-font-family); font-size: var(--body_typography-font-size); font-style: var(--body_typography-font-style,normal); font-weight: var(--body_typography-font-weight); letter-spacing: var(--body_typography-letter-spacing);\">Rodrigo Medina<\/span><\/div><\/div><\/div><div class=\"fusion-text fusion-text-3\" style=\"text-align:left;font-size:14px;line-height:24px;color:rgba(255,255,255,0.8);\"><p style=\"text-align: center;\">Ceo <i>IbizaVipBus <\/i><\/p>\n<\/div><\/div><style type=\"text\/css\">.fusion-body .fusion-builder-column-3{width:50% !important;margin-top : 0px;margin-bottom : 20px;}.fusion-builder-column-3 > .fusion-column-wrapper {padding-top : 0px !important;padding-right : 0px !important;margin-right : 7.68%;padding-bottom : 0px !important;padding-left : 0px !important;margin-left : 3.84%;}@media only screen and (max-width:1024px) {.fusion-body .fusion-builder-column-3{width:50% !important;}.fusion-builder-column-3 > .fusion-column-wrapper {margin-right : 0%;margin-left : 7.68%;}}@media only screen and (max-width:640px) {.fusion-body .fusion-builder-column-3{width:100% !important;order : 1;}.fusion-builder-column-3 > .fusion-column-wrapper {margin-right : 1.92%;margin-left : 1.92%;}}<\/style><\/div><div class=\"fusion-layout-column fusion_builder_column fusion-builder-column-4 fusion_builder_column_1_2 1_2 fusion-flex-column\"><div class=\"fusion-column-wrapper fusion-column-has-shadow fusion-flex-justify-content-flex-start fusion-content-layout-column\" style=\"background-position:left top;background-repeat:no-repeat;-webkit-background-size:cover;-moz-background-size:cover;-o-background-size:cover;background-size:cover;border-radius:6px 6px 6px 6px;background-color:#ffffff;border-width: 0 1px 1px 1px;border-color:rgba(0,0,0,0.08);border-style:solid;border-radius:6px 6px 6px 6px;overflow:hidden;box-shadow:0px 14px 22px -10px rgba(0,0,0,0.3);;padding: 24px 24px 24px 24px;\"><style type=\"text\/css\">@media only screen and (max-width:1024px) {.fusion-title.fusion-title-3{margin-top:!important;margin-right:!important;margin-bottom:4px!important; margin-left:!important;}}@media only screen and (max-width:640px) {.fusion-title.fusion-title-3{margin-top:10px!important; margin-right:0px!important;margin-bottom:0px!important; margin-left:0px!important;}}<\/style><div class=\"fusion-title title fusion-title-3 fusion-sep-none fusion-title-center fusion-title-text fusion-title-size-one\" style=\"font-size:45px;margin-top:10px;margin-right:0px;margin-bottom:4px;margin-left:0px;\"><h1 class=\"title-heading-center\" style=\"font-family:&quot;DM Sans&quot;;font-weight:700;margin:0;font-size:1em;letter-spacing:-0.016em;color:#000000;line-height:1;\">Consulta y Reserva<\/h1><\/div><div class=\"fusion-text fusion-text-4\"><p style=\"text-align: center;\">Respondemos en menos de 10 minutos<\/p>\n<\/div><div id=\"ssiframecontainerwidget3\"><\/div><script type=\"text\/javascript\" src=\"https:\/\/quotes.madrid.limo\/quote-widget-script\/3\" async><\/script><div class=\"fusion-text fusion-text-5 fusion-text-no-margin\" style=\"text-align:center;font-size:13px;line-height:1px;color:#777777;margin-top:0px;margin-bottom:0px;\"><p style=\"margin-bottom: 0px;\">Al enviar mis datos acepto ser contactado<\/p>\n<\/div><\/div><style type=\"text\/css\">.fusion-body .fusion-builder-column-4{width:50% !important;margin-top : 0px;margin-bottom : 20px;}.fusion-builder-column-4 > .fusion-column-wrapper {padding-top : 24px !important;padding-right : 24px !important;margin-right : 12.288%;padding-bottom : 24px !important;padding-left : 24px !important;margin-left : 7.296%;}@media only screen and (max-width:1024px) {.fusion-body .fusion-builder-column-4{width:60% !important;order : 0;}.fusion-builder-column-4 > .fusion-column-wrapper {margin-right : 6.4%;margin-left : 6.08%;}}@media only screen and (max-width:640px) {.fusion-body .fusion-builder-column-4{width:100% !important;order : 2;margin-bottom : 10px;}.fusion-builder-column-4 > .fusion-column-wrapper {margin-right : 0%;margin-left : 0%;}}<\/style><\/div><\/div><style type=\"text\/css\">.fusion-body .fusion-flex-container.fusion-builder-row-4{ padding-top : 5%;margin-top : 0px;padding-right : 0px;padding-bottom : 5%;margin-bottom : 0px;padding-left : 0px;}@media only screen and (max-width:1024px) {.fusion-body .fusion-flex-container.fusion-builder-row-4{ padding-top : 40px;}}@media only screen and (max-width:640px) {.fusion-body .fusion-flex-container.fusion-builder-row-4{ padding-top : 3.0938000000000017px;}}<\/style><\/div><div class=\"fusion-fullwidth fullwidth-box fusion-builder-row-5 fusion-flex-container hundred-percent-fullwidth non-hundred-percent-height-scrolling\" style=\"background-color: rgba(255,255,255,0);background-position: center center;background-repeat: no-repeat;border-width: 0px 0px 0px 0px;border-color:#e2e2e2;border-style:solid;\" ><div class=\"fusion-builder-row fusion-row fusion-flex-align-items-flex-start\" style=\"width:104% !important;max-width:104% !important;margin-left: calc(-4% \/ 2 );margin-right: calc(-4% \/ 2 );\"><div class=\"fusion-layout-column fusion_builder_column fusion-builder-column-5 fusion_builder_column_1_1 1_1 fusion-flex-column\"><div class=\"fusion-column-wrapper fusion-flex-justify-content-flex-start fusion-content-layout-column\" style=\"background-position:left top;background-repeat:no-repeat;-webkit-background-size:cover;-moz-background-size:cover;-o-background-size:cover;background-size:cover;padding: 0px 0px 0px 0px;\"><div class=\"fusion-image-carousel fusion-image-carousel-auto fusion-image-carousel-1\"><div class=\"fusion-carousel\" data-autoplay=\"yes\" data-columns=\"4\" data-itemmargin=\"13\" data-itemwidth=\"180\" data-touchscroll=\"yes\" data-imagesize=\"auto\"><div class=\"fusion-carousel-positioner\"><ul class=\"fusion-carousel-holder\"><li class=\"fusion-carousel-item\"><div class=\"fusion-carousel-item-wrapper\"><div class=\"fusion-image-wrapper hover-type-none\"><img decoding=\"async\" width=\"840\" height=\"577\" src=\"https:\/\/www.ibizavipbus.com\/wp-content\/uploads\/2022\/04\/mercedesbenzsclass400.jpg\" class=\"attachment-full size-full\" alt=\"Mercedes Benz New S Class 400 with the words &quot; 4 seats&quot; in red, in english and spanish.\" srcset=\"https:\/\/www.ibizavipbus.com\/wp-content\/uploads\/2022\/04\/mercedesbenzsclass400-200x137.jpg 200w, https:\/\/www.ibizavipbus.com\/wp-content\/uploads\/2022\/04\/mercedesbenzsclass400-400x275.jpg 400w, https:\/\/www.ibizavipbus.com\/wp-content\/uploads\/2022\/04\/mercedesbenzsclass400-600x412.jpg 600w, https:\/\/www.ibizavipbus.com\/wp-content\/uploads\/2022\/04\/mercedesbenzsclass400-800x550.jpg 800w, https:\/\/www.ibizavipbus.com\/wp-content\/uploads\/2022\/04\/mercedesbenzsclass400.jpg 840w\" sizes=\"(min-width: 2200px) 100vw, (min-width: 856px) 290px, (min-width: 784px) 387px, (min-width: 712px) 581px, (min-width: 640px) 712px, \" \/><\/div><\/div><\/li><li class=\"fusion-carousel-item\"><div class=\"fusion-carousel-item-wrapper\"><div class=\"fusion-image-wrapper hover-type-none\"><img decoding=\"async\" width=\"840\" height=\"577\" src=\"https:\/\/www.ibizavipbus.com\/wp-content\/uploads\/2023\/11\/Mercedes-Benz-Maybach-Ibiza-11.jpg\" class=\"attachment-full size-full\" alt=\"Image of a Mercedes Benz Maybach car, with the word empasis of &quot;3 seats&quot; in spanish and english.\" srcset=\"https:\/\/www.ibizavipbus.com\/wp-content\/uploads\/2023\/11\/Mercedes-Benz-Maybach-Ibiza-11-200x137.jpg 200w, https:\/\/www.ibizavipbus.com\/wp-content\/uploads\/2023\/11\/Mercedes-Benz-Maybach-Ibiza-11-400x275.jpg 400w, https:\/\/www.ibizavipbus.com\/wp-content\/uploads\/2023\/11\/Mercedes-Benz-Maybach-Ibiza-11-600x412.jpg 600w, https:\/\/www.ibizavipbus.com\/wp-content\/uploads\/2023\/11\/Mercedes-Benz-Maybach-Ibiza-11-800x550.jpg 800w, https:\/\/www.ibizavipbus.com\/wp-content\/uploads\/2023\/11\/Mercedes-Benz-Maybach-Ibiza-11.jpg 840w\" sizes=\"(min-width: 2200px) 100vw, (min-width: 856px) 290px, (min-width: 784px) 387px, (min-width: 712px) 581px, (min-width: 640px) 712px, \" \/><\/div><\/div><\/li><li class=\"fusion-carousel-item\"><div class=\"fusion-carousel-item-wrapper\"><div class=\"fusion-image-wrapper hover-type-none\"><img decoding=\"async\" width=\"840\" height=\"577\" src=\"https:\/\/www.ibizavipbus.com\/wp-content\/uploads\/2022\/04\/mercedesbenzvclass.jpg\" class=\"attachment-full size-full\" alt=\"Black Mercedes Benz V Class minivan with the words next to it &quot;7 seats&quot; in neglish and spanish.\" srcset=\"https:\/\/www.ibizavipbus.com\/wp-content\/uploads\/2022\/04\/mercedesbenzvclass-200x137.jpg 200w, https:\/\/www.ibizavipbus.com\/wp-content\/uploads\/2022\/04\/mercedesbenzvclass-400x275.jpg 400w, https:\/\/www.ibizavipbus.com\/wp-content\/uploads\/2022\/04\/mercedesbenzvclass-600x412.jpg 600w, https:\/\/www.ibizavipbus.com\/wp-content\/uploads\/2022\/04\/mercedesbenzvclass-800x550.jpg 800w, https:\/\/www.ibizavipbus.com\/wp-content\/uploads\/2022\/04\/mercedesbenzvclass.jpg 840w\" sizes=\"(min-width: 2200px) 100vw, (min-width: 856px) 290px, (min-width: 784px) 387px, (min-width: 712px) 581px, (min-width: 640px) 712px, \" \/><\/div><\/div><\/li><li class=\"fusion-carousel-item\"><div class=\"fusion-carousel-item-wrapper\"><div class=\"fusion-image-wrapper hover-type-none\"><img decoding=\"async\" width=\"840\" height=\"577\" src=\"https:\/\/www.ibizavipbus.com\/wp-content\/uploads\/2023\/11\/Mercedes-Benz-Maybach-Ibiza-11.jpg\" class=\"attachment-full size-full\" alt=\"Image of a Mercedes Benz Maybach car, with the word empasis of &quot;3 seats&quot; in spanish and english.\" srcset=\"https:\/\/www.ibizavipbus.com\/wp-content\/uploads\/2023\/11\/Mercedes-Benz-Maybach-Ibiza-11-200x137.jpg 200w, https:\/\/www.ibizavipbus.com\/wp-content\/uploads\/2023\/11\/Mercedes-Benz-Maybach-Ibiza-11-400x275.jpg 400w, https:\/\/www.ibizavipbus.com\/wp-content\/uploads\/2023\/11\/Mercedes-Benz-Maybach-Ibiza-11-600x412.jpg 600w, https:\/\/www.ibizavipbus.com\/wp-content\/uploads\/2023\/11\/Mercedes-Benz-Maybach-Ibiza-11-800x550.jpg 800w, https:\/\/www.ibizavipbus.com\/wp-content\/uploads\/2023\/11\/Mercedes-Benz-Maybach-Ibiza-11.jpg 840w\" sizes=\"(min-width: 2200px) 100vw, (min-width: 856px) 290px, (min-width: 784px) 387px, (min-width: 712px) 581px, (min-width: 640px) 712px, \" \/><\/div><\/div><\/li><li class=\"fusion-carousel-item\"><div class=\"fusion-carousel-item-wrapper\"><div class=\"fusion-image-wrapper hover-type-none\"><img decoding=\"async\" width=\"755\" height=\"538\" src=\"https:\/\/www.ibizavipbus.com\/wp-content\/uploads\/2022\/04\/minibus2.jpg\" class=\"attachment-full size-full\" alt=\"Mercedes Benz Minibus with seats for 12 to 31 passengers.\" srcset=\"https:\/\/www.ibizavipbus.com\/wp-content\/uploads\/2022\/04\/minibus2-200x143.jpg 200w, https:\/\/www.ibizavipbus.com\/wp-content\/uploads\/2022\/04\/minibus2-400x285.jpg 400w, https:\/\/www.ibizavipbus.com\/wp-content\/uploads\/2022\/04\/minibus2-600x428.jpg 600w, https:\/\/www.ibizavipbus.com\/wp-content\/uploads\/2022\/04\/minibus2.jpg 755w\" sizes=\"(min-width: 2200px) 100vw, (min-width: 856px) 290px, (min-width: 784px) 387px, (min-width: 712px) 581px, (min-width: 640px) 712px, \" \/><\/div><\/div><\/li><\/ul><\/div><\/div><\/div><\/div><style type=\"text\/css\">.fusion-body .fusion-builder-column-5{width:100% !important;order : 0;margin-top : 3px;margin-bottom : -40px;}.fusion-builder-column-5 > .fusion-column-wrapper {padding-top : 0px !important;padding-right : 0px !important;margin-right : 1.92%;padding-bottom : 0px !important;padding-left : 0px !important;margin-left : 1.92%;}@media only screen and (max-width:1024px) {.fusion-body .fusion-builder-column-5{width:100% !important;order : 0;}.fusion-builder-column-5 > .fusion-column-wrapper {margin-right : 1.92%;margin-left : 1.92%;}}@media only screen and (max-width:640px) {.fusion-body .fusion-builder-column-5{width:100% !important;order : 0;}.fusion-builder-column-5 > .fusion-column-wrapper {margin-right : 1.92%;margin-left : 1.92%;}}<\/style><\/div><\/div><style type=\"text\/css\">.fusion-body .fusion-flex-container.fusion-builder-row-5{ padding-top : 0px;margin-top : 0px;padding-right : 0px;padding-bottom : 0px;margin-bottom : 0px;padding-left : 0px;}<\/style><\/div>\n<\/p>\n","protected":false},"excerpt":{"rendered":"","protected":false},"author":1,"featured_media":0,"parent":0,"menu_order":0,"comment_status":"closed","ping_status":"closed","template":"100-width.php","meta":{"footnotes":""},"class_list":["post-3958","page","type-page","status-publish","hentry"],"yoast_head":"<!-- This site is optimized with the Yoast SEO plugin v23.1 - https:\/\/yoast.com\/wordpress\/plugins\/seo\/ -->\n<title>Eventos Corporativos y Privados - Transfer Ibiza - Chofer Ibiza - Ibiza Vip Bus<\/title>\n<meta name=\"description\" content=\"Facilitamos un traslado eficiente con ch\u00f3feres privados, experiencia local y una flota de veh\u00edculos de lujo, para eventos privados y corporativos.\" \/>\n<meta name=\"robots\" content=\"index, follow, max-snippet:-1, max-image-preview:large, max-video-preview:-1\" \/>\n<link rel=\"canonical\" href=\"https:\/\/www.ibizavipbus.com\/es\/eventos-de-empresa-y-privados\/\" \/>\n<meta property=\"og:locale\" content=\"es_ES\" \/>\n<meta property=\"og:type\" content=\"article\" \/>\n<meta property=\"og:title\" content=\"Eventos Corporativos y Privados - Transfer Ibiza - Chofer Ibiza - Ibiza Vip Bus\" \/>\n<meta property=\"og:description\" content=\"Facilitamos un traslado eficiente con ch\u00f3feres privados, experiencia local y una flota de veh\u00edculos de lujo, para eventos privados y corporativos.\" \/>\n<meta property=\"og:url\" content=\"https:\/\/www.ibizavipbus.com\/es\/eventos-de-empresa-y-privados\/\" \/>\n<meta property=\"og:site_name\" content=\"Transfer Ibiza - Chofer Ibiza - Ibiza Vip Bus\" \/>\n<meta property=\"article:modified_time\" content=\"2025-02-13T18:32:17+00:00\" \/>\n<meta name=\"twitter:card\" content=\"summary_large_image\" \/>\n<meta name=\"twitter:label1\" content=\"Tiempo de lectura\" \/>\n\t<meta name=\"twitter:data1\" content=\"7 minutos\" \/>\n<script type=\"application\/ld+json\" class=\"yoast-schema-graph\">{\"@context\":\"https:\/\/schema.org\",\"@graph\":[{\"@type\":\"WebPage\",\"@id\":\"https:\/\/www.ibizavipbus.com\/es\/eventos-de-empresa-y-privados\/\",\"url\":\"https:\/\/www.ibizavipbus.com\/es\/eventos-de-empresa-y-privados\/\",\"name\":\"Eventos Corporativos y Privados - Transfer Ibiza - Chofer Ibiza - Ibiza Vip Bus\",\"isPartOf\":{\"@id\":\"https:\/\/www.ibizavipbus.com\/es\/#website\"},\"datePublished\":\"2021-11-25T18:41:09+00:00\",\"dateModified\":\"2025-02-13T18:32:17+00:00\",\"description\":\"Facilitamos un traslado eficiente con ch\u00f3feres privados, experiencia local y una flota de veh\u00edculos de lujo, para eventos privados y corporativos.\",\"inLanguage\":\"es\",\"potentialAction\":[{\"@type\":\"ReadAction\",\"target\":[\"https:\/\/www.ibizavipbus.com\/es\/eventos-de-empresa-y-privados\/\"]}]},{\"@type\":\"WebSite\",\"@id\":\"https:\/\/www.ibizavipbus.com\/es\/#website\",\"url\":\"https:\/\/www.ibizavipbus.com\/es\/\",\"name\":\"Transfer Ibiza - Chofer Ibiza - Ibiza Vip Bus\",\"description\":\"El servicio de transfer y chofer m\u00e1s confiable y profesional en Ibiza\",\"publisher\":{\"@id\":\"https:\/\/www.ibizavipbus.com\/es\/#organization\"},\"potentialAction\":[{\"@type\":\"SearchAction\",\"target\":{\"@type\":\"EntryPoint\",\"urlTemplate\":\"https:\/\/www.ibizavipbus.com\/es\/?s={search_term_string}\"},\"query-input\":\"required name=search_term_string\"}],\"inLanguage\":\"es\"},{\"@type\":\"Organization\",\"@id\":\"https:\/\/www.ibizavipbus.com\/es\/#organization\",\"name\":\"IBIZABIPBUS\",\"url\":\"https:\/\/www.ibizavipbus.com\/es\/\",\"logo\":{\"@type\":\"ImageObject\",\"inLanguage\":\"es\",\"@id\":\"https:\/\/www.ibizavipbus.com\/es\/#\/schema\/logo\/image\/\",\"url\":\"https:\/\/www.ibizavipbus.com\/wp-content\/uploads\/2022\/02\/ibizavipbus.jpg\",\"contentUrl\":\"https:\/\/www.ibizavipbus.com\/wp-content\/uploads\/2022\/02\/ibizavipbus.jpg\",\"width\":272,\"height\":103,\"caption\":\"IBIZABIPBUS\"},\"image\":{\"@id\":\"https:\/\/www.ibizavipbus.com\/es\/#\/schema\/logo\/image\/\"}}]}<\/script>\n<!-- \/ Yoast SEO plugin. -->","yoast_head_json":{"title":"Eventos Corporativos y Privados - Transfer Ibiza - Chofer Ibiza - Ibiza Vip Bus","description":"Facilitamos un traslado eficiente con ch\u00f3feres privados, experiencia local y una flota de veh\u00edculos de lujo, para eventos privados y corporativos.","robots":{"index":"index","follow":"follow","max-snippet":"max-snippet:-1","max-image-preview":"max-image-preview:large","max-video-preview":"max-video-preview:-1"},"canonical":"https:\/\/www.ibizavipbus.com\/es\/eventos-de-empresa-y-privados\/","og_locale":"es_ES","og_type":"article","og_title":"Eventos Corporativos y Privados - Transfer Ibiza - Chofer Ibiza - Ibiza Vip Bus","og_description":"Facilitamos un traslado eficiente con ch\u00f3feres privados, experiencia local y una flota de veh\u00edculos de lujo, para eventos privados y corporativos.","og_url":"https:\/\/www.ibizavipbus.com\/es\/eventos-de-empresa-y-privados\/","og_site_name":"Transfer Ibiza - Chofer Ibiza - Ibiza Vip Bus","article_modified_time":"2025-02-13T18:32:17+00:00","twitter_card":"summary_large_image","twitter_misc":{"Tiempo de lectura":"7 minutos"},"schema":{"@context":"https:\/\/schema.org","@graph":[{"@type":"WebPage","@id":"https:\/\/www.ibizavipbus.com\/es\/eventos-de-empresa-y-privados\/","url":"https:\/\/www.ibizavipbus.com\/es\/eventos-de-empresa-y-privados\/","name":"Eventos Corporativos y Privados - Transfer Ibiza - Chofer Ibiza - Ibiza Vip Bus","isPartOf":{"@id":"https:\/\/www.ibizavipbus.com\/es\/#website"},"datePublished":"2021-11-25T18:41:09+00:00","dateModified":"2025-02-13T18:32:17+00:00","description":"Facilitamos un traslado eficiente con ch\u00f3feres privados, experiencia local y una flota de veh\u00edculos de lujo, para eventos privados y corporativos.","inLanguage":"es","potentialAction":[{"@type":"ReadAction","target":["https:\/\/www.ibizavipbus.com\/es\/eventos-de-empresa-y-privados\/"]}]},{"@type":"WebSite","@id":"https:\/\/www.ibizavipbus.com\/es\/#website","url":"https:\/\/www.ibizavipbus.com\/es\/","name":"Transfer Ibiza - Chofer Ibiza - Ibiza Vip Bus","description":"El servicio de transfer y chofer m\u00e1s confiable y profesional en Ibiza","publisher":{"@id":"https:\/\/www.ibizavipbus.com\/es\/#organization"},"potentialAction":[{"@type":"SearchAction","target":{"@type":"EntryPoint","urlTemplate":"https:\/\/www.ibizavipbus.com\/es\/?s={search_term_string}"},"query-input":"required name=search_term_string"}],"inLanguage":"es"},{"@type":"Organization","@id":"https:\/\/www.ibizavipbus.com\/es\/#organization","name":"IBIZABIPBUS","url":"https:\/\/www.ibizavipbus.com\/es\/","logo":{"@type":"ImageObject","inLanguage":"es","@id":"https:\/\/www.ibizavipbus.com\/es\/#\/schema\/logo\/image\/","url":"https:\/\/www.ibizavipbus.com\/wp-content\/uploads\/2022\/02\/ibizavipbus.jpg","contentUrl":"https:\/\/www.ibizavipbus.com\/wp-content\/uploads\/2022\/02\/ibizavipbus.jpg","width":272,"height":103,"caption":"IBIZABIPBUS"},"image":{"@id":"https:\/\/www.ibizavipbus.com\/es\/#\/schema\/logo\/image\/"}}]}},"_links":{"self":[{"href":"https:\/\/www.ibizavipbus.com\/es\/wp-json\/wp\/v2\/pages\/3958","targetHints":{"allow":["GET"]}}],"collection":[{"href":"https:\/\/www.ibizavipbus.com\/es\/wp-json\/wp\/v2\/pages"}],"about":[{"href":"https:\/\/www.ibizavipbus.com\/es\/wp-json\/wp\/v2\/types\/page"}],"author":[{"embeddable":true,"href":"https:\/\/www.ibizavipbus.com\/es\/wp-json\/wp\/v2\/users\/1"}],"replies":[{"embeddable":true,"href":"https:\/\/www.ibizavipbus.com\/es\/wp-json\/wp\/v2\/comments?post=3958"}],"version-history":[{"count":15,"href":"https:\/\/www.ibizavipbus.com\/es\/wp-json\/wp\/v2\/pages\/3958\/revisions"}],"predecessor-version":[{"id":4787,"href":"https:\/\/www.ibizavipbus.com\/es\/wp-json\/wp\/v2\/pages\/3958\/revisions\/4787"}],"wp:attachment":[{"href":"https:\/\/www.ibizavipbus.com\/es\/wp-json\/wp\/v2\/media?parent=3958"}],"curies":[{"name":"wp","href":"https:\/\/api.w.org\/{rel}","templated":true}]}}